{"id":647,"date":"2025-01-21T16:57:30","date_gmt":"2025-01-21T15:57:30","guid":{"rendered":"https:\/\/kamendizajn.sk\/?post_type=product&#038;p=647"},"modified":"2025-02-17T17:04:51","modified_gmt":"2025-02-17T16:04:51","slug":"stara-tehla-rezana-stredovy-rez","status":"publish","type":"product","link":"https:\/\/kamendizajn.sk\/cz\/produkt\/stara-tehla-rezana-stredovy-rez\/","title":{"rendered":"Star\u00e1 cihla \u0159ezan\u00e1 \u2013 st\u0159edov\u00fd \u0159ez"},"content":{"rendered":"<p><strong>Dlouh\u00fd popis produktu:<\/strong><\/p>\n<p>\u201eSt\u0159edov\u00fd \u0159ez cihly je ide\u00e1ln\u00ed volbou pro vytvo\u0159en\u00ed jedine\u010dn\u00e9ho a stylov\u00e9ho vzhledu ve va\u0161em interi\u00e9ru \u010di exteri\u00e9ru. Tento typ \u0159ezu proch\u00e1z\u00ed p\u0159es st\u0159edn\u00ed \u010d\u00e1st cihly, \u010d\u00edm\u017e jsou ob\u011b strany hladk\u00e9 a p\u0159ipraven\u00e9 k pou\u017eit\u00ed. T\u00edm, \u017ee se jedn\u00e1 o starou cihlu s historick\u00fdm p\u016fvodem, tak\u00e9 v t\u00e9to \u010d\u00e1sti mohou b\u00fdt p\u0159\u00edtomny d\u00edry, praskliny \u010di jin\u00e9 drobn\u00e9 nedokonalosti, kter\u00e9 dod\u00e1vaj\u00ed ka\u017ed\u00e9mu kusu autentick\u00fd rustik\u00e1ln\u00ed charakter.<\/p>\n<p>Ka\u017ed\u00e1 sada cihel poch\u00e1z\u00ed z jin\u00e9ho stavebn\u00edho d\u00edla, co\u017e znamen\u00e1, \u017ee rozm\u011bry a povrchy jednotliv\u00fdch cihel nemus\u00ed b\u00fdt zcela toto\u017en\u00e9. Tato variabilita p\u0159isp\u00edv\u00e1 k originalit\u011b a vytv\u00e1\u0159\u00ed neopakovateln\u00fd vzhled va\u0161eho prostoru. St\u0159edov\u00fd \u0159ez cihly je ide\u00e1ln\u00ed pro obklady st\u011bn, kreativn\u00ed dekorace a jin\u00e9 stylov\u00e9 \u00fapravy va\u0161eho domova nebo komer\u010dn\u00edch prostor.<\/p>\n<p><strong>Technick\u00e9 parametry:<\/strong><\/p>\n<ul>\n<li><strong>Rozm\u011bry st\u0159edov\u00fd \u0159ez:<\/strong> \u0160\u00ed\u0159ka 28 cm, v\u00fd\u0161ka 6,5 cm, tlou\u0161\u0165ka 2 cm.<\/li>\n<li><strong>Po\u010det kus\u016f na 1 m\u00b2:<\/strong> 43 ks.<\/li>\n<li><strong>V\u00e1ha na 1 m\u00b2:<\/strong> 33 kg.<\/li>\n<li><strong>Cena:<\/strong> 12 \u20ac \/m\u00b2 (po\u010d\u00edt\u00e1no s 1 cm sp\u00e1rou).<\/li>\n<\/ul>\n<p>Cena je kone\u010dn\u00e1, proto\u017ee nejsme pl\u00e1tci DPH. Tento produkt je nejen funk\u010dn\u00ed, ale tak\u00e9 esteticky p\u016fsobiv\u00fd a ekologick\u00fd, proto\u017ee vyu\u017e\u00edv\u00e1 materi\u00e1ly s histori\u00ed. P\u0159etvo\u0159te sv\u016fj prostor pomoc\u00ed t\u00e9to jedine\u010dn\u00e9 cihly a dodejte mu nad\u010dasov\u00fd a origin\u00e1ln\u00ed vzhled!\u201c<\/p>","protected":false},"excerpt":{"rendered":"<p>St\u0159edov\u00fd \u0159ez cihly s hladk\u00fdmi stranami, ide\u00e1ln\u00ed pro stylov\u00e9 obklady. D\u00edky sv\u00e9mu historick\u00e9mu p\u016fvodu mohou obsahovat d\u00edry, praskliny a odli\u0161nosti v rozm\u011brech. Rozm\u011bry: 28\u00d76,5\u00d72 cm, 1 m\u00b2 obsahuje 43 ks o v\u00e1ze 33 kg. Cena: 12 \u20ac \/m\u00b2 (po\u010d\u00edt\u00e1no s 1 cm sp\u00e1rou).<\/p>","protected":false},"featured_media":652,"template":"","meta":{"site-sidebar-layout":"default","site-content-layout":"","ast-site-content-layout":"default","site-content-style":"default","site-sidebar-style":"default","ast-global-header-display":"","ast-banner-title-visibility":"","ast-main-header-display":"","ast-hfb-above-header-display":"","ast-hfb-below-header-display":"","ast-hfb-mobile-header-display":"","site-post-title":"","ast-breadcrumbs-content":"","ast-featured-img":"","footer-sml-layout":"","theme-transparent-header-meta":"default","adv-header-id-meta":"","stick-header-meta":"","header-above-stick-meta":"","header-main-stick-meta":"","header-below-stick-meta":"","astra-migrate-meta-layouts":"set","ast-page-background-enabled":"default","ast-page-background-meta":{"desktop":{"background-color":"var(--ast-global-color-4)","background-image":"","background-repeat":"repeat","background-position":"center center","background-size":"auto","background-attachment":"scroll","background-type":"","background-media":"","overlay-type":"","overlay-color":"","overlay-opacity":"","overlay-gradient":""},"tablet":{"background-color":"","background-image":"","background-repeat":"repeat","background-position":"center center","background-size":"auto","background-attachment":"scroll","background-type":"","background-media":"","overlay-type":"","overlay-color":"","overlay-opacity":"","overlay-gradient":""},"mobile":{"background-color":"","background-image":"","background-repeat":"repeat","background-position":"center center","background-size":"auto","background-attachment":"scroll","background-type":"","background-media":"","overlay-type":"","overlay-color":"","overlay-opacity":"","overlay-gradient":""}},"ast-content-background-meta":{"desktop":{"background-color":"var(--ast-global-color-5)","background-image":"","background-repeat":"repeat","background-position":"center center","background-size":"auto","background-attachment":"scroll","background-type":"","background-media":"","overlay-type":"","overlay-color":"","overlay-opacity":"","overlay-gradient":""},"tablet":{"background-color":"var(--ast-global-color-5)","background-image":"","background-repeat":"repeat","background-position":"center center","background-size":"auto","background-attachment":"scroll","background-type":"","background-media":"","overlay-type":"","overlay-color":"","overlay-opacity":"","overlay-gradient":""},"mobile":{"background-color":"var(--ast-global-color-5)","background-image":"","background-repeat":"repeat","background-position":"center center","background-size":"auto","background-attachment":"scroll","background-type":"","background-media":"","overlay-type":"","overlay-color":"","overlay-opacity":"","overlay-gradient":""}}},"product_brand":[],"product_cat":[36],"product_tag":[],"class_list":{"0":"post-647","1":"product","2":"type-product","3":"status-publish","4":"has-post-thumbnail","6":"product_cat-stara-tehla-rezana","7":"desktop-align-center","8":"tablet-align-left","9":"mobile-align-left","11":"first","12":"instock","13":"shipping-taxable","14":"purchasable","15":"product-type-simple"},"yoast_head":"<!-- This site is optimized with the Yoast SEO plugin v26.8 - https:\/\/yoast.com\/product\/yoast-seo-wordpress\/ -->\n<title>Star\u00e1 tehla rezan\u00e1 - stredov\u00fd rez - Kame\u0148dizajn<\/title>\n<meta name=\"description\" content=\"Vytvorte jedine\u010dn\u00fd rustik\u00e1lny vzh\u013ead s origin\u00e1lnou starou tehlou. Dodajte svojmu priestoru nad\u010dasov\u00fa eleganciu a \u0161t\u00fdl, ktor\u00fd zaujme ka\u017ed\u00e9ho!\" \/>\n<meta name=\"robots\" content=\"index, follow, max-snippet:-1, max-image-preview:large, max-video-preview:-1\" \/>\n<link rel=\"canonical\" href=\"https:\/\/kamendizajn.sk\/cz\/produkt\/stara-tehla-rezana-stredovy-rez\/\" \/>\n<meta property=\"og:locale\" content=\"cs_CZ\" \/>\n<meta property=\"og:type\" content=\"article\" \/>\n<meta property=\"og:title\" content=\"Star\u00e1 tehla rezan\u00e1 - stredov\u00fd rez - Kame\u0148dizajn\" \/>\n<meta property=\"og:description\" content=\"Vytvorte jedine\u010dn\u00fd rustik\u00e1lny vzh\u013ead s origin\u00e1lnou starou tehlou. Dodajte svojmu priestoru nad\u010dasov\u00fa eleganciu a \u0161t\u00fdl, ktor\u00fd zaujme ka\u017ed\u00e9ho!\" \/>\n<meta property=\"og:url\" content=\"https:\/\/kamendizajn.sk\/cz\/produkt\/stara-tehla-rezana-stredovy-rez\/\" \/>\n<meta property=\"og:site_name\" content=\"Kame\u0148dizajn\" \/>\n<meta property=\"article:modified_time\" content=\"2025-02-17T16:04:51+00:00\" \/>\n<meta property=\"og:image\" content=\"https:\/\/kamendizajn.sk\/wp-content\/uploads\/2025\/01\/5b16688987dee_8.jpg\" \/>\n\t<meta property=\"og:image:width\" content=\"300\" \/>\n\t<meta property=\"og:image:height\" content=\"300\" \/>\n\t<meta property=\"og:image:type\" content=\"image\/jpeg\" \/>\n<meta name=\"twitter:card\" content=\"summary_large_image\" \/>\n<meta name=\"twitter:label1\" content=\"Odhadovan\u00e1 doba \u010dten\u00ed\" \/>\n\t<meta name=\"twitter:data1\" content=\"2 minuty\" \/>\n<script type=\"application\/ld+json\" class=\"yoast-schema-graph\">{\"@context\":\"https:\/\/schema.org\",\"@graph\":[{\"@type\":\"WebPage\",\"@id\":\"https:\/\/kamendizajn.sk\/produkt\/stara-tehla-rezana-stredovy-rez\/\",\"url\":\"https:\/\/kamendizajn.sk\/produkt\/stara-tehla-rezana-stredovy-rez\/\",\"name\":\"Star\u00e1 tehla rezan\u00e1 - stredov\u00fd rez - Kame\u0148dizajn\",\"isPartOf\":{\"@id\":\"https:\/\/kamendizajn.sk\/#website\"},\"primaryImageOfPage\":{\"@id\":\"https:\/\/kamendizajn.sk\/produkt\/stara-tehla-rezana-stredovy-rez\/#primaryimage\"},\"image\":{\"@id\":\"https:\/\/kamendizajn.sk\/produkt\/stara-tehla-rezana-stredovy-rez\/#primaryimage\"},\"thumbnailUrl\":\"https:\/\/kamendizajn.sk\/wp-content\/uploads\/2025\/01\/5b16688987dee_8.jpg\",\"datePublished\":\"2025-01-21T15:57:30+00:00\",\"dateModified\":\"2025-02-17T16:04:51+00:00\",\"description\":\"Vytvorte jedine\u010dn\u00fd rustik\u00e1lny vzh\u013ead s origin\u00e1lnou starou tehlou. Dodajte svojmu priestoru nad\u010dasov\u00fa eleganciu a \u0161t\u00fdl, ktor\u00fd zaujme ka\u017ed\u00e9ho!\",\"breadcrumb\":{\"@id\":\"https:\/\/kamendizajn.sk\/produkt\/stara-tehla-rezana-stredovy-rez\/#breadcrumb\"},\"inLanguage\":\"cs\",\"potentialAction\":[{\"@type\":\"ReadAction\",\"target\":[\"https:\/\/kamendizajn.sk\/produkt\/stara-tehla-rezana-stredovy-rez\/\"]}]},{\"@type\":\"ImageObject\",\"inLanguage\":\"cs\",\"@id\":\"https:\/\/kamendizajn.sk\/produkt\/stara-tehla-rezana-stredovy-rez\/#primaryimage\",\"url\":\"https:\/\/kamendizajn.sk\/wp-content\/uploads\/2025\/01\/5b16688987dee_8.jpg\",\"contentUrl\":\"https:\/\/kamendizajn.sk\/wp-content\/uploads\/2025\/01\/5b16688987dee_8.jpg\",\"width\":300,\"height\":300},{\"@type\":\"BreadcrumbList\",\"@id\":\"https:\/\/kamendizajn.sk\/produkt\/stara-tehla-rezana-stredovy-rez\/#breadcrumb\",\"itemListElement\":[{\"@type\":\"ListItem\",\"position\":1,\"name\":\"Home\",\"item\":\"https:\/\/kamendizajn.sk\/\"},{\"@type\":\"ListItem\",\"position\":2,\"name\":\"Obchod\",\"item\":\"https:\/\/kamendizajn.sk\/obchod\/\"},{\"@type\":\"ListItem\",\"position\":3,\"name\":\"Star\u00e1 tehla rezan\u00e1 &#8211; stredov\u00fd rez\"}]},{\"@type\":\"WebSite\",\"@id\":\"https:\/\/kamendizajn.sk\/#website\",\"url\":\"https:\/\/kamendizajn.sk\/\",\"name\":\"Kame\u0148dizajn\",\"description\":\"Kamenn\u00fd obklad a tehlov\u00fd obklad\",\"publisher\":{\"@id\":\"https:\/\/kamendizajn.sk\/#organization\"},\"potentialAction\":[{\"@type\":\"SearchAction\",\"target\":{\"@type\":\"EntryPoint\",\"urlTemplate\":\"https:\/\/kamendizajn.sk\/?s={search_term_string}\"},\"query-input\":{\"@type\":\"PropertyValueSpecification\",\"valueRequired\":true,\"valueName\":\"search_term_string\"}}],\"inLanguage\":\"cs\"},{\"@type\":\"Organization\",\"@id\":\"https:\/\/kamendizajn.sk\/#organization\",\"name\":\"Kame\u0148dizajn\",\"url\":\"https:\/\/kamendizajn.sk\/\",\"logo\":{\"@type\":\"ImageObject\",\"inLanguage\":\"cs\",\"@id\":\"https:\/\/kamendizajn.sk\/#\/schema\/logo\/image\/\",\"url\":\"https:\/\/kamendizajn.sk\/wp-content\/uploads\/2021\/09\/kamendizajn-logo.png\",\"contentUrl\":\"https:\/\/kamendizajn.sk\/wp-content\/uploads\/2021\/09\/kamendizajn-logo.png\",\"width\":1751,\"height\":369,\"caption\":\"Kame\u0148dizajn\"},\"image\":{\"@id\":\"https:\/\/kamendizajn.sk\/#\/schema\/logo\/image\/\"}}]}<\/script>\n<!-- \/ Yoast SEO plugin. -->","yoast_head_json":{"title":"Star\u00e1 tehla rezan\u00e1 - stredov\u00fd rez - Kame\u0148dizajn","description":"Vytvorte jedine\u010dn\u00fd rustik\u00e1lny vzh\u013ead s origin\u00e1lnou starou tehlou. Dodajte svojmu priestoru nad\u010dasov\u00fa eleganciu a \u0161t\u00fdl, ktor\u00fd zaujme ka\u017ed\u00e9ho!","robots":{"index":"index","follow":"follow","max-snippet":"max-snippet:-1","max-image-preview":"max-image-preview:large","max-video-preview":"max-video-preview:-1"},"canonical":"https:\/\/kamendizajn.sk\/cz\/produkt\/stara-tehla-rezana-stredovy-rez\/","og_locale":"cs_CZ","og_type":"article","og_title":"Star\u00e1 tehla rezan\u00e1 - stredov\u00fd rez - Kame\u0148dizajn","og_description":"Vytvorte jedine\u010dn\u00fd rustik\u00e1lny vzh\u013ead s origin\u00e1lnou starou tehlou. Dodajte svojmu priestoru nad\u010dasov\u00fa eleganciu a \u0161t\u00fdl, ktor\u00fd zaujme ka\u017ed\u00e9ho!","og_url":"https:\/\/kamendizajn.sk\/cz\/produkt\/stara-tehla-rezana-stredovy-rez\/","og_site_name":"Kame\u0148dizajn","article_modified_time":"2025-02-17T16:04:51+00:00","og_image":[{"width":300,"height":300,"url":"https:\/\/kamendizajn.sk\/wp-content\/uploads\/2025\/01\/5b16688987dee_8.jpg","type":"image\/jpeg"}],"twitter_card":"summary_large_image","twitter_misc":{"Odhadovan\u00e1 doba \u010dten\u00ed":"2 minuty"},"schema":{"@context":"https:\/\/schema.org","@graph":[{"@type":"WebPage","@id":"https:\/\/kamendizajn.sk\/produkt\/stara-tehla-rezana-stredovy-rez\/","url":"https:\/\/kamendizajn.sk\/produkt\/stara-tehla-rezana-stredovy-rez\/","name":"Star\u00e1 tehla rezan\u00e1 - stredov\u00fd rez - Kame\u0148dizajn","isPartOf":{"@id":"https:\/\/kamendizajn.sk\/#website"},"primaryImageOfPage":{"@id":"https:\/\/kamendizajn.sk\/produkt\/stara-tehla-rezana-stredovy-rez\/#primaryimage"},"image":{"@id":"https:\/\/kamendizajn.sk\/produkt\/stara-tehla-rezana-stredovy-rez\/#primaryimage"},"thumbnailUrl":"https:\/\/kamendizajn.sk\/wp-content\/uploads\/2025\/01\/5b16688987dee_8.jpg","datePublished":"2025-01-21T15:57:30+00:00","dateModified":"2025-02-17T16:04:51+00:00","description":"Vytvorte jedine\u010dn\u00fd rustik\u00e1lny vzh\u013ead s origin\u00e1lnou starou tehlou. Dodajte svojmu priestoru nad\u010dasov\u00fa eleganciu a \u0161t\u00fdl, ktor\u00fd zaujme ka\u017ed\u00e9ho!","breadcrumb":{"@id":"https:\/\/kamendizajn.sk\/produkt\/stara-tehla-rezana-stredovy-rez\/#breadcrumb"},"inLanguage":"cs","potentialAction":[{"@type":"ReadAction","target":["https:\/\/kamendizajn.sk\/produkt\/stara-tehla-rezana-stredovy-rez\/"]}]},{"@type":"ImageObject","inLanguage":"cs","@id":"https:\/\/kamendizajn.sk\/produkt\/stara-tehla-rezana-stredovy-rez\/#primaryimage","url":"https:\/\/kamendizajn.sk\/wp-content\/uploads\/2025\/01\/5b16688987dee_8.jpg","contentUrl":"https:\/\/kamendizajn.sk\/wp-content\/uploads\/2025\/01\/5b16688987dee_8.jpg","width":300,"height":300},{"@type":"BreadcrumbList","@id":"https:\/\/kamendizajn.sk\/produkt\/stara-tehla-rezana-stredovy-rez\/#breadcrumb","itemListElement":[{"@type":"ListItem","position":1,"name":"Home","item":"https:\/\/kamendizajn.sk\/"},{"@type":"ListItem","position":2,"name":"Obchod","item":"https:\/\/kamendizajn.sk\/obchod\/"},{"@type":"ListItem","position":3,"name":"Star\u00e1 tehla rezan\u00e1 &#8211; stredov\u00fd rez"}]},{"@type":"WebSite","@id":"https:\/\/kamendizajn.sk\/#website","url":"https:\/\/kamendizajn.sk\/","name":"Kame\u0148dizajn","description":"Kamenn\u00fd obklad a tehlov\u00fd obklad","publisher":{"@id":"https:\/\/kamendizajn.sk\/#organization"},"potentialAction":[{"@type":"SearchAction","target":{"@type":"EntryPoint","urlTemplate":"https:\/\/kamendizajn.sk\/?s={search_term_string}"},"query-input":{"@type":"PropertyValueSpecification","valueRequired":true,"valueName":"search_term_string"}}],"inLanguage":"cs"},{"@type":"Organization","@id":"https:\/\/kamendizajn.sk\/#organization","name":"Kame\u0148dizajn","url":"https:\/\/kamendizajn.sk\/","logo":{"@type":"ImageObject","inLanguage":"cs","@id":"https:\/\/kamendizajn.sk\/#\/schema\/logo\/image\/","url":"https:\/\/kamendizajn.sk\/wp-content\/uploads\/2021\/09\/kamendizajn-logo.png","contentUrl":"https:\/\/kamendizajn.sk\/wp-content\/uploads\/2021\/09\/kamendizajn-logo.png","width":1751,"height":369,"caption":"Kame\u0148dizajn"},"image":{"@id":"https:\/\/kamendizajn.sk\/#\/schema\/logo\/image\/"}}]}},"_links":{"self":[{"href":"https:\/\/kamendizajn.sk\/cz\/wp-json\/wp\/v2\/product\/647","targetHints":{"allow":["GET"]}}],"collection":[{"href":"https:\/\/kamendizajn.sk\/cz\/wp-json\/wp\/v2\/product"}],"about":[{"href":"https:\/\/kamendizajn.sk\/cz\/wp-json\/wp\/v2\/types\/product"}],"wp:featuredmedia":[{"embeddable":true,"href":"https:\/\/kamendizajn.sk\/cz\/wp-json\/wp\/v2\/media\/652"}],"wp:attachment":[{"href":"https:\/\/kamendizajn.sk\/cz\/wp-json\/wp\/v2\/media?parent=647"}],"wp:term":[{"taxonomy":"product_brand","embeddable":true,"href":"https:\/\/kamendizajn.sk\/cz\/wp-json\/wp\/v2\/product_brand?post=647"},{"taxonomy":"product_cat","embeddable":true,"href":"https:\/\/kamendizajn.sk\/cz\/wp-json\/wp\/v2\/product_cat?post=647"},{"taxonomy":"product_tag","embeddable":true,"href":"https:\/\/kamendizajn.sk\/cz\/wp-json\/wp\/v2\/product_tag?post=647"}],"curies":[{"name":"wp","href":"https:\/\/api.w.org\/{rel}","templated":true}]}}